{"id":69,"date":"2016-07-02T13:18:10","date_gmt":"2016-07-02T11:18:10","guid":{"rendered":"http:\/\/sks-steenbergen.nl\/?page_id=69"},"modified":"2026-01-14T08:01:17","modified_gmt":"2026-01-14T07:01:17","slug":"1990-1999","status":"publish","type":"page","link":"https:\/\/strienestad.nl\/?page_id=69","title":{"rendered":"1990-1999"},"content":{"rendered":"<p style=\"text-align: center;\"><span style=\"font-size: x-large;\"><span style=\"color: #008000;\">1990 Me zette de joker in!<\/span><\/span><\/p>\n<p>Prins: Kees Schillemans (Prins Strienius III)<img loading=\"lazy\" decoding=\"async\" class=\"size-full wp-image-4003 alignright\" src=\"https:\/\/strienestad.nl\/wp-content\/uploads\/2023\/01\/1990-300-300-282x300-1.jpg\" alt=\"\" width=\"282\" height=\"300\" srcset=\"https:\/\/strienestad.nl\/wp-content\/uploads\/2023\/01\/1990-300-300-282x300-1.jpg 282w, https:\/\/strienestad.nl\/wp-content\/uploads\/2023\/01\/1990-300-300-282x300-1-150x160.jpg 150w\" sizes=\"auto, (max-width: 282px) 100vw, 282px\" \/><br \/>\nNar: Ger Frederiks (Nar Frikkie)<br \/>\nJan Oorlog: Piet Gillesse<br \/>\nMussekoning: Jac Embregts<br \/>\nDeftige Flodder: Peter Adriaanse<br \/>\nMotto: Me zette de joker in!<\/p>\n<p>Jeugdgevolg<br \/>\nPrinsje: Joost van der Zande<br \/>\nNarreke: Bart Castenmiller<br \/>\nJantje Oorlog: Dennis Vermeulen<br \/>\nMussekoninkje: Rene van de Branden<br \/>\nDeftig Floddertje: Mike Drijver<br \/>\nLeutvrouwke: Marjolijn Koen<\/p>\n<p><strong>REFREIN<br \/>\nSCHUD DE KAORTE IK SAL D\u2019R ES VOR GEVE<br \/>\nDE JOKER IN M\u2019N EIGE STOK, \u2018K\u2019EB ZUKKE GOEIE GAD<br \/>\n\u2018K SLAON ME SLAG, MAR NOUW D\u2019R EVE NEVE<br \/>\nDE FLODDER KOM MEEJ VUILE WAS, DIE GAOT OP VOOR\u2019\u00c0AND NAT<br \/>\nFRIKKIE IS M\u2019N MAOT, DAOR GAON IK MEEJ L\u00d2\u00d2PE<br \/>\n\u2019T SJAGGERIJN IS VAN DE KAORT, DE POT IS VOR DE GEIN<br \/>\nZET DE JOKER IN AL MOT JE N\u2019EM K\u00d2\u00d2PE<br \/>\nDWIEL VOR SPEK EN BOONE AMMEN\u2019UIT ZIJN!<\/strong><\/p>\n<p><strong>KOEPLET 1<\/strong><br \/>\n\u2019N RUITE KIELTJE EN \u2019N KLAOVERJASKE N\u2019AON<br \/>\nZO KAN \u2018K MEEJ ALLE BOERE LEUTIG IN \u2019N STRAOTJE STAON<br \/>\n\u2019T VIERDE N\u2019AOS KOM D\u2019UIT, GOA NOUW MAR AON DE K\u00c0\u00c0NT<br \/>\nMEEJ AL DIE OOGE TROEVE VOR DE B\u00c0\u00c0NK GIN BESTE KL\u00c0\u00c0NT<br \/>\nME SLUITE N\u2019AON MEEJ \u2018ARTE VROUW EN SCHOPPE-NEL<br \/>\nDE JOKER STAOT TE LACHE, IJ WIN ALWIR \u2019T SPEL!<\/p>\n<p><strong>KOEPLET 2<\/strong><br \/>\nDEUR DE PAOLE N\u2019IS DE BLAAUWSTRAOT VAN DE BAON<br \/>\nDIE STAON DAOR MOOI VOR JOKER, WIE EB DA NOUW TOCH GEDAON<br \/>\nMEEJ KAORTENUISKES BOUW IK WIJKE N\u2019OP \u2019T GAT<br \/>\nZE DOEN ZO MAR \u2019N DOTJE MEEJ DIE N\u2019OUWE STRIENESTAD<br \/>\nSTOP MAR ES \u2019N G\u00c8\u00c8F PERTIJKE N\u2019IN DE RAOD<br \/>\nVOR AL DIE WIJZE JOKERS, IS \u2019T IER NOG NIE TE LAOT!<\/p>\n<audio class=\"wp-audio-shortcode\" id=\"audio-69-1\" preload=\"none\" style=\"width: 100%;\" controls=\"controls\"><source type=\"audio\/mpeg\" src=\"\/wp-content\/uploads\/2016\/10\/1990-Me-zette-de-joker-in.mp3?_=1\" \/><a href=\"\/wp-content\/uploads\/2016\/10\/1990-Me-zette-de-joker-in.mp3\">\/wp-content\/uploads\/2016\/10\/1990-Me-zette-de-joker-in.mp3<\/a><\/audio>\n<hr \/>\n<p style=\"text-align: center;\"><span style=\"font-size: x-large;\"><span style=\"color: #008000;\">1991 Strienestad in de blommekes!<\/span><\/span><\/p>\n<p>Prins: Kees Schillemans (Prins Strienius III)<img loading=\"lazy\" decoding=\"async\" class=\"size-full wp-image-4004 alignright\" src=\"https:\/\/strienestad.nl\/wp-content\/uploads\/2023\/01\/1991-300-300-282x300-1.jpg\" alt=\"\" width=\"282\" height=\"300\" srcset=\"https:\/\/strienestad.nl\/wp-content\/uploads\/2023\/01\/1991-300-300-282x300-1.jpg 282w, https:\/\/strienestad.nl\/wp-content\/uploads\/2023\/01\/1991-300-300-282x300-1-150x160.jpg 150w\" sizes=\"auto, (max-width: 282px) 100vw, 282px\" \/><br \/>\nNar: Ger Frederiks (Nar Frikkie)<br \/>\nJan Oorlog: Piet Gillesse<br \/>\nMussekoning: Jac Embregts<br \/>\nDeftige Flodder: Peter Adriaanse<br \/>\nMotto: Strienestad in de blommekes!<\/p>\n<p>Jeugdgevolg<br \/>\nPrinsje: Joost van der Zande<br \/>\nNarreke: Wietse Visser<br \/>\nJantje Oorlog: Dennis Vermeulen<br \/>\nMussekoninkje: Stefan Kuipers<br \/>\nDeftig Floddertje: Mike Drijver<br \/>\nLeutvrouwke: Ellen Gommers<\/p>\n<p><strong>KOEPLET 1<\/strong><br \/>\nBLOMMEKESBEHANG EN BLOMMEKESGERDIJNE<br \/>\nBLOMME N\u2019IN M\u2019N \u2018OF EN OP DE RUITE<br \/>\nPLUK MAR ES \u2019N ROOS EN NIEMIR SJAGGERIJNE<br \/>\nVANEIGES ZUL JE DAN DI LIEDJE FLUITE!<\/p>\n<p><strong>REFREIN<br \/>\nWE ZETTE DE BLOMMEKES BUITE<br \/>\nK\u00c8K ES, WAD\u2019N BLOMMEZEEJ<br \/>\nGEWASSE N\u2019UIT DE KLUITE<br \/>\nNIM OK ES WA MUURBLOMME MEEJ<br \/>\nWA SUMME G\u00c8\u00c8F IN BLOEI STAON<br \/>\nEJJ N\u2019OK AL WAOTER G\u2019AD<br \/>\nVERGIT ME NIE, AS WE WIR DWEILE GAON<br \/>\nIK ZIT OP ROOZE IN STRIENESTAD!<\/strong><\/p>\n<p><strong>KOEPLET 2<\/strong><br \/>\nM\u2019N TUINTJE VOLGEPLAANT, MEEJ VEUL DELIJE BLOMME<br \/>\nKROKUSSE, NARSISSE, GLADIOOLE<br \/>\nEN AK\u2019R TEGE PRAOT, DAN ZIE IK ZE BEKOMME<br \/>\nIK \u2018OOR DE LEEUWEBEKJES EN FIOOLE!<\/p>\n<p><strong>KOEPLET 3<\/strong><br \/>\n\u2019N DWEIL ZIT IN DE KNOP, IJ WUL ZO G\u00c8RE BLOEIE<br \/>\nT\u2019IS T\u2019R \u00c9\u00c9N MEEJ PIT EN GROENE BLAORE<br \/>\nIN \u2018\u00c8\u00c8L DE BLOMMEWIJK, DAOR ZIE JE ZUKKE GROEIE<br \/>\nWIE DA NOUW NOG NIE WIT NAO AL DIE JAORE!<\/p>\n<audio class=\"wp-audio-shortcode\" id=\"audio-69-2\" preload=\"none\" style=\"width: 100%;\" controls=\"controls\"><source type=\"audio\/mpeg\" src=\"\/wp-content\/uploads\/2016\/10\/1991-Strienestad-in-de-blommekes.mp3?_=2\" \/><a href=\"\/wp-content\/uploads\/2016\/10\/1991-Strienestad-in-de-blommekes.mp3\">\/wp-content\/uploads\/2016\/10\/1991-Strienestad-in-de-blommekes.mp3<\/a><\/audio>\n<hr \/>\n<p style=\"text-align: center;\"><span style=\"font-size: x-large;\"><span style=\"color: #008000;\">1992 &#8217;t Zit te broeje!<\/span><\/span><\/p>\n<p>Prins: Chris Schuurbiers (Prins D&#8217;Een I)<img loading=\"lazy\" decoding=\"async\" class=\"size-full wp-image-4005 alignright\" src=\"https:\/\/strienestad.nl\/wp-content\/uploads\/2023\/01\/1992-300-300-236x300-1.jpg\" alt=\"\" width=\"236\" height=\"300\" srcset=\"https:\/\/strienestad.nl\/wp-content\/uploads\/2023\/01\/1992-300-300-236x300-1.jpg 236w, https:\/\/strienestad.nl\/wp-content\/uploads\/2023\/01\/1992-300-300-236x300-1-150x191.jpg 150w\" sizes=\"auto, (max-width: 236px) 100vw, 236px\" \/><br \/>\nNar: Ger Frederiks (Nar Frikkie)<br \/>\nJan Oorlog: Piet Gillesse<br \/>\nMussekoning: Jac Embregts<br \/>\nDeftige Flodder: Peter Adriaanse<br \/>\nMotto: &#8217;t Zit te broeje!<\/p>\n<p>Jeugdgevolg<br \/>\nPrinsje: Stefan Herwig<br \/>\nNarreke: Wietse Visser<br \/>\nJantje Oorlog: Manfred Groenhuizen<br \/>\nMussekoninkje: Stefan Kuipers<br \/>\nDeftig Floddertje: Femke de Kock<br \/>\nLeutvrouwke: Ellen Gommers<\/p>\n<p><strong>REFREIN<br \/>\nWAANT D\u2019R ZIT WIR WA TE BROEJE<br \/>\n\u2018K VOEL UT OP M\u2019N KLOMPEN \u2019AON<br \/>\nWAT\u2018ER NOUW WIR UIT MOT GROEJE<br \/>\nDA ZAL WEL IN DE STERREN STAON<br \/>\nEB JE\u2019T OK VAN \u2018OORE ZEGGE<br \/>\nDA WE BROEJEN\u2019OP UN EI<br \/>\nWA WE SAOME MOTTE LEGGE<br \/>\nDUS BEN J\u2019OK VAN DE PERTIJ<\/strong><\/p>\n<p><strong>KOEPLET 1<\/strong><br \/>\nWE ZITTE TE VERZINNE<br \/>\nIDEEJE ZIJN D\u2019R ZAT<br \/>\nWA ZOUW JE D\u2019R VAN VINNE<br \/>\nUN SIRKUS IN DE STAD<br \/>\nIK \u2018AOL WAD\u2019OUWE KOEJE<br \/>\nUIT\u2019T SLOTJE BIJ OONS T\u2019UIS<br \/>\nDA ZIJN NOG ZUKKE GOEJE<br \/>\nDIE GAON NOG NIE AON R\u2019UIS<\/p>\n<p><strong>KOEPLET 2<\/strong><br \/>\nIK \u2018EB UT VOR MEKAORE<br \/>\nUN FEESJE KOM T\u2019R AON<br \/>\n\u2018TWOR 3 X 11 JAORE<br \/>\nOE KAN UT TOCH BESTAON<br \/>\nIK VOEL UT AON ME WAOTER<br \/>\nM\u2019N \u2018EUPE EN M\u2019N BLOED<br \/>\nWAS\u2019T MAR UN JAORKE LAOTER<br \/>\nDAN BROEJDE N\u2019T PAS GOED<\/p>\n<audio class=\"wp-audio-shortcode\" id=\"audio-69-3\" preload=\"none\" style=\"width: 100%;\" controls=\"controls\"><source type=\"audio\/mpeg\" src=\"\/wp-content\/uploads\/2016\/07\/1992-T-zit-te-broeje.mp3?_=3\" \/><a href=\"\/wp-content\/uploads\/2016\/07\/1992-T-zit-te-broeje.mp3\">\/wp-content\/uploads\/2016\/07\/1992-T-zit-te-broeje.mp3<\/a><\/audio>\n<hr \/>\n<p style=\"text-align: center;\"><span style=\"font-size: x-large;\"><span style=\"color: #008000;\">1993 Feest j&#8217;ok meej!<\/span><\/span><\/p>\n<p>Prins: Chris Schuurbiers (Prins D&#8217;Een I)<img loading=\"lazy\" decoding=\"async\" class=\"size-full wp-image-4006 alignright\" src=\"https:\/\/strienestad.nl\/wp-content\/uploads\/2023\/01\/1993-300-300-229x300-1.jpg\" alt=\"\" width=\"229\" height=\"300\" srcset=\"https:\/\/strienestad.nl\/wp-content\/uploads\/2023\/01\/1993-300-300-229x300-1.jpg 229w, https:\/\/strienestad.nl\/wp-content\/uploads\/2023\/01\/1993-300-300-229x300-1-150x197.jpg 150w\" sizes=\"auto, (max-width: 229px) 100vw, 229px\" \/><br \/>\nNar: Ger Frederiks (Nar Frikkie)<br \/>\nJan Oorlog: Piet Gillesse<br \/>\nMussekoning: Jac Embregts<br \/>\nDeftige Flodder: Ton van Agtmaal<br \/>\nMotto: Feest j&#8217;ok meej!<\/p>\n<p>Jeugdgevolg<br \/>\nPrinsje: Stefan Herwig<br \/>\nNarreke: Ramon van de Kasteele<br \/>\nJantje Oorlog: Manfred Groenhuizen<br \/>\nMussekoninkje: Jasper van Fessem<br \/>\nDeftig Floddertje: Femke de Kock<br \/>\nLeutvrouwke: Desiree de Weert<\/p>\n<p><strong>REFREIN<\/strong><br \/>\n<strong>BIETBOERKES EN MEERMINNEKES DWEILE N\u2019OVERAL<br \/>\nALLEMEENSE WAD\u2019N KERREMES IER MEEJ KARNAVAL<br \/>\nLAOT NOUW DE TOUWKES VIERE<br \/>\nEN ZING JE N\u2019EIGE SCHOR<br \/>\nAS WE \u2019T ZOOW KUNNEN VERSIERE<br \/>\nMAG IK LIJE DAD\u2019IK \u2018ONDERD WOR<\/strong><\/p>\n<p><strong>KOEPLET 1<\/strong><br \/>\nEN EJJE TORREKES GEKEND<br \/>\nMEEJ AL Z\u2019N SNOEPKES VOR \u2019N CENT<br \/>\nOF BOMMESJEE, MAR DA\u2019S ALLANG GELEEJE<br \/>\nWE RAOKTE N\u2019OMMES ZUVVEL KWIJT<br \/>\nOK \u2019T FEBRIEK IS UIT DE TIJD<br \/>\nMAR AFFETOE RUUK IK DE SUUKERPEEJE<\/p>\n<p><strong>KOEPLET 2<\/strong><br \/>\nEN WIT JE \u2019T NOG VAN \u2018T \u2018EILIG \u2018ART<br \/>\nNEFFE DE KIEJOS OP DE MART,<br \/>\nDE BIEJOSKOOP EN AL DIE OUWE KROEGE.<br \/>\nWE N\u2019EBBE NIKS MIR ZOGEZEED<br \/>\nAS NUUWE WIJKE BIJ DE VLEET.<br \/>\nMOJJE ZE DAOR IN NOORD MAR \u2019S ZIEN ZWOEGE<\/p>\n<p><strong>KOEPLET 3<\/strong><br \/>\n\u2018K GAON NET AS VROEGER GEEF TEKEER,<br \/>\nWAANT UT IS DRIE KEER ELLEF KEER<br \/>\n\u2018IEP \u2018IEP \u2018OERAA, DAN ZUMME N\u2019IS TRAKTEERE.<br \/>\nWE GEEVE STRIENESTAD WA KLEUR<br \/>\nEN DWEILE N\u2019OMBEKOMMERD DEUR.<br \/>\nGAOD\u2019ES OPZIJ, \u2019T ZAL T\u2019R WIR GAON SPEERE<\/p>\n<audio class=\"wp-audio-shortcode\" id=\"audio-69-4\" preload=\"none\" style=\"width: 100%;\" controls=\"controls\"><source type=\"audio\/mpeg\" src=\"\/wp-content\/uploads\/2016\/10\/1993-Feest-j-ok-meej.mp3?_=4\" \/><a href=\"\/wp-content\/uploads\/2016\/10\/1993-Feest-j-ok-meej.mp3\">\/wp-content\/uploads\/2016\/10\/1993-Feest-j-ok-meej.mp3<\/a><\/audio>\n<hr \/>\n<p style=\"text-align: center;\"><span style=\"font-size: x-large;\"><span style=\"color: #008000;\">1994 Z&#8217;ak je kiel us haole!<\/span><\/span><\/p>\n<p>Prins: Chris Schuurbiers (Prins D&#8217;Een I)<img loading=\"lazy\" decoding=\"async\" class=\"size-full wp-image-4007 alignright\" src=\"https:\/\/strienestad.nl\/wp-content\/uploads\/2023\/01\/1994-300-300-242x300-1.jpg\" alt=\"\" width=\"242\" height=\"300\" srcset=\"https:\/\/strienestad.nl\/wp-content\/uploads\/2023\/01\/1994-300-300-242x300-1.jpg 242w, https:\/\/strienestad.nl\/wp-content\/uploads\/2023\/01\/1994-300-300-242x300-1-150x186.jpg 150w\" sizes=\"auto, (max-width: 242px) 100vw, 242px\" \/><br \/>\nNar: Ger Frederiks (Nar Frikkie)<br \/>\nJan Oorlog: Jack de Kock<br \/>\nMussekoning: Jac Embregts<br \/>\nDeftige Flodder: Theo Buys<br \/>\nMotto: Z&#8217;ak je kiel us haole!<\/p>\n<p>Jeugdgevolg<br \/>\nPrinsje: Michael Huijgens<br \/>\nNarreke: Ramon van de Kasteele<br \/>\nJantje Oorlog: Alex Herwig<br \/>\nMussekoninkje: Jasper van Fessem<br \/>\nDeftig Floddertje: Danique Meesters<br \/>\nLeutvrouwke: Desiree de Weert<\/p>\n<p><strong>REFREIN<br \/>\nZA\u2019K JE KIEL \u2019S EFFE N\u2019AOLE<br \/>\nLAOT\u2019S KIJKE N\u2019OE T\u2019IE STAOT<br \/>\nZUM\u2019S G\u00c0\u00c0UW \u2019N SPIEGEL \u2018AOLE<br \/>\nW\u00c0\u00c0NT AS T\u2019IE PAST \u2026 DAN IS\u2019T JE MAOT<br \/>\nK\u2019EB DE WIND WIR IN DE ZEILE<br \/>\nAS IK IN M\u2019N BL\u00c0\u00c0UWE JAS<br \/>\nIN \u2019T KIELZOG LOP TE DWEILE<br \/>\nKOM IK PAS LEKKER IN M\u2019N SAS<\/strong><\/p>\n<p><strong>KOEPLET 1<\/strong><br \/>\n\u2018AOL JE KIEL \u2019S UIT DE MOTTEBALLE<br \/>\nLAOT\u2019M LEKKER W\u00c9\u00c9KE N\u2019IN \u2019T SOP<br \/>\nWOR T\u2019IE KAOL OF IS T\u2019IE NAOR Z\u2019N MALLE<br \/>\nGIF T\u2019M VAN KETOEN EN LAP T\u2019M OP<\/p>\n<p><strong>KOEPLET 2<\/strong><br \/>\nZONDER KIELTJE KUN JE NIKS BEGINNE<br \/>\nAL EJJE MAR \u2018N \u2018EMMEKE GEBREID<br \/>\nWULLE ZE JE ZIELTJE N\u2019EFFE WINNE<br \/>\nRAOK JE N\u2019OK JE STEMMEKE NOG KWIJT<\/p>\n<p><strong>KOEPLET 3<\/strong><br \/>\nPAK\u2019T VOSSEN\u2019OL \u2019S BIJ Z\u2019N KLADDE<br \/>\nPRINSL\u00c0\u00c0ND NIM T\u2019IE OK NOG \u2018\u00c9\u00c9LEMAOL<br \/>\nSTRIENESTAD WIR \u2018\u00d2\u00d2GER OP DE LADDER<br \/>\nDUS DIE KIEL PAST OONS ALLEMAOL<\/p>\n<audio class=\"wp-audio-shortcode\" id=\"audio-69-5\" preload=\"none\" style=\"width: 100%;\" controls=\"controls\"><source type=\"audio\/mpeg\" src=\"\/wp-content\/uploads\/2016\/10\/1994-Zak-je-kiel-s-aole.mp3?_=5\" \/><a href=\"\/wp-content\/uploads\/2016\/10\/1994-Zak-je-kiel-s-aole.mp3\">\/wp-content\/uploads\/2016\/10\/1994-Zak-je-kiel-s-aole.mp3<\/a><\/audio>\n<hr \/>\n<p style=\"text-align: center;\"><span style=\"font-size: x-large;\"><span style=\"color: #008000;\">1995 We pakke steengoed uit!<\/span><\/span><\/p>\n<p>Prins: Chris Schuurbiers (Prins D&#8217;Een I)<img loading=\"lazy\" decoding=\"async\" class=\"size-full wp-image-4008 alignright\" src=\"https:\/\/strienestad.nl\/wp-content\/uploads\/2023\/01\/1995-300-300-236x300-1.jpg\" alt=\"\" width=\"236\" height=\"300\" srcset=\"https:\/\/strienestad.nl\/wp-content\/uploads\/2023\/01\/1995-300-300-236x300-1.jpg 236w, https:\/\/strienestad.nl\/wp-content\/uploads\/2023\/01\/1995-300-300-236x300-1-150x191.jpg 150w\" sizes=\"auto, (max-width: 236px) 100vw, 236px\" \/><br \/>\nNar: Ger Frederiks (Nar Frikkie)<br \/>\nJan Oorlog: Jack de Kock<br \/>\nMussekoning: Johan Sulkers<br \/>\nDeftige Flodder: Theo Buys<br \/>\nMotto: We pakke steengoed uit!<\/p>\n<p>Jeugdgevolg<br \/>\nPrinsje: Michael Huijgens<br \/>\nNarreke: Nardo Mahulete<br \/>\nJantje Oorlog: Alex Herwig<br \/>\nMussekoninkje: Bart Hoondert<br \/>\nDeftig Floddertje: Danique Meesters<br \/>\nLeutvrouwke: Sanne van Peer<\/p>\n<p><strong>REFREIN<br \/>\nSTIK NOUW OK JE \u2018\u00c0\u00c0NDJES UIT JE MOUWE<br \/>\nW\u00c0\u00c0NT WE PAKKE ST\u00c9\u00c9NGOED UIT<br \/>\nWE KUNNE BERREGE VERSJOUWE<br \/>\nVAN DE ROLAF NAOR DE RONDUIT<br \/>\nEN AMME SAOME \u2019N F\u00c9\u00c9SJE BOUWE<br \/>\nOP DE MART, MEEJ \u00c9\u00c9L DE ZWIK<br \/>\nDAN ZIT M\u2019N KIELTJE IN DE VOUWE<br \/>\nMAOR STAON IK ST\u00c9\u00c9NGOED MEEJ \u2019N STRIK!<\/strong><\/p>\n<p><strong>KOEPLET 1<\/strong><br \/>\n\u2019T KOM WIR VOR DE BAKKER<br \/>\nW\u00c0\u00c0NT WE PAKKE ST\u00c9\u00c9NGOED UIT<br \/>\nMAR \u2019S NACHS DAN LIG IK WAKKER<br \/>\nW\u00c0\u00c0NT FRIKKIE SCH\u00c9\u00c9R T\u2019R UIT<br \/>\nIJ DOEGE\u2019T AL \u2019N TIJDJE<br \/>\nMAR T\u2019IS EN BL\u00c8F D\u2019N R\u00c0\u00c0MP<br \/>\nIK K\u00d2\u00d2P \u2019N AORDEG\u2019EIDJE<br \/>\nBIJ \u201cDE MURRES\u201dOF \u201cDE K\u00c0\u00c0MP\u201d<\/p>\n<p><strong>KOEPLET 2<\/strong><br \/>\nMEEJ VEUL BAKKELEIJE<br \/>\nKOMT\u2019R \u2018IER \u2019N NUUWE STAD<br \/>\nDE STRAOTE VOL KESSEIJE<br \/>\nEN WINKELS OP\u2019T GAT<br \/>\n\u2019N SCHEURKE IN M\u2019N KL\u00c9\u00c9RE<br \/>\nM\u2019N OOTO IN DE PRAK<br \/>\nOMDAD\u2019IK WOUW PARKERE<br \/>\nIN DE BL\u00c0\u00c0UWSTRAOT, WAD\u2019N BAK<\/p>\n<p><strong>KOEPLET 3<\/strong><br \/>\nWE BOUWEN\u2019OK VOR LAOTER<br \/>\nAON \u2019N G\u00c8VE \u201cBL\u00c0\u00c0UWE ZAOL\u201d<br \/>\nMEEJ SPESIE EN WA WAOTER<br \/>\nEI JOS D\u2019N EERSTE PAOL<br \/>\n\u2019T IS NOUW\u2019S GIN KAOTER<br \/>\nDIE KEEKT\u2019IE UIT DE B\u00d2\u00d2M<br \/>\nDE \u201cZIJ\u201dAS NUUW T\u00c9JAOTER<br \/>\nDAD\u2019IS PAS \u2019N \u201cAKZOOWDR\u00d2\u00d2M\u201d<\/p>\n<p><strong>DAN ZIT M\u2019N KIELTJE IN DE VOUWE<br \/>\nMAOR STAON IK ST\u00c9\u00c9NGOED MEEJ \u2019N STRIK!<\/strong><\/p>\n<audio class=\"wp-audio-shortcode\" id=\"audio-69-6\" preload=\"none\" style=\"width: 100%;\" controls=\"controls\"><source type=\"audio\/mpeg\" src=\"\/wp-content\/uploads\/2016\/10\/1995-We-pakke-steengoed-uit.mp3?_=6\" \/><a href=\"\/wp-content\/uploads\/2016\/10\/1995-We-pakke-steengoed-uit.mp3\">\/wp-content\/uploads\/2016\/10\/1995-We-pakke-steengoed-uit.mp3<\/a><\/audio>\n<hr \/>\n<p style=\"text-align: center;\"><span style=\"font-size: x-large;\"><span style=\"color: #008000;\">1996 Wa d&#8217;ek nouw aon me fiets &#8216;ange!<\/span><\/span><\/p>\n<p>Prins: Chris Schuurbiers (Prins D&#8217;Een I)<img loading=\"lazy\" decoding=\"async\" class=\"size-full wp-image-4009 alignright\" src=\"https:\/\/strienestad.nl\/wp-content\/uploads\/2023\/01\/1996-300-300-268x300-1.jpg\" alt=\"\" width=\"268\" height=\"300\" srcset=\"https:\/\/strienestad.nl\/wp-content\/uploads\/2023\/01\/1996-300-300-268x300-1.jpg 268w, https:\/\/strienestad.nl\/wp-content\/uploads\/2023\/01\/1996-300-300-268x300-1-150x168.jpg 150w\" sizes=\"auto, (max-width: 268px) 100vw, 268px\" \/><br \/>\nNar: Richard de Jong (Nar Riejo)<br \/>\nJan Oorlog: Jack de Kock<br \/>\nMussekoning: Johan Sulkers<br \/>\nDeftige Flodder: Theo Buys<br \/>\nMotto: Wa d&#8217;ek nouw aon me fiets &#8216;ange!<\/p>\n<p>Jeugdgevolg<br \/>\nPrinsje: Wouter Koenraadt<br \/>\nNarreke: Nardo Mahulete<br \/>\nJantje Oorlog: Joris Meesters<br \/>\nMussekoninkje: Bart Hoondert<br \/>\nDeftig Floddertje: Debbie van Mourik<br \/>\nLeutvrouwke: Sanne van Peer<\/p>\n<p><strong>KOEPLET 1<\/strong><br \/>\nWE GOAN WIR AS\u2019N SPEER<br \/>\nKEK UIT, IK DIMMEREER<br \/>\nIK BEN DE VLUGSTE DWEIL VAN \u2019T PILLETON<br \/>\nDE FLODDER ACHTEROP<br \/>\nWE LIGGE N\u2019AL AON KOP<br \/>\nJE KUN VANEIGES RAOJE, WA DE MEUTE TOEN WIR ZONG!<\/p>\n<p><strong>REFREIN:<br \/>\nWAD\u2019EK NOUW AON ME FIETSKE N\u2019ANGE<br \/>\nVAN JE TINGELINGELING, GAO D\u2019ES OPZIJ<br \/>\nW\u00c0\u00c0NT WE ZIJN NIE VOR \u00c9\u00c9N GAT TE VANGE<br \/>\nDUS ZET \u2018R MAR \u2019N T\u00c0\u00c0NDJE BIJ!<br \/>\nIK VOEL M\u2019N EIGE BERESTERRUK<br \/>\nIK DWEIL VAN ZOAL NAOR ZAOL<br \/>\nNOG G\u00c0\u00c0UW \u2019N RONDJE N\u2019OM DE KERRUK<br \/>\nZODA\u2019K AS EERSTE DE FIENUS \u2018AOL!<\/strong><\/p>\n<p><strong>KOEPLET 2<\/strong><br \/>\nEN AS IK VOR DE GRAP<br \/>\n\u2019N KIRREKE NIE TRAP<br \/>\nM\u2019N B\u00c9\u00c9NE N\u2019OUWE STIL, DAD\u2019IS SUUR-PLAS<br \/>\nMAR AJJE G\u00c8RE WINT<br \/>\nDAN GAO JE VOR DE SPRINT<br \/>\nWE N\u2019AOLE N\u2019ALLES VOR DE LEUT WIR UIT DE KETTINGKAST!<\/p>\n<p><strong>KOEPLET 3<\/strong><br \/>\n\u2019T ZWAORSTE DIRREJEUR<br \/>\nIS NIKS VOR\u2019N KOEREUR<br \/>\nDIE NET AS IK NIE KLEIN TE KRIJGE N\u2019IS<br \/>\nZO WOR JE KAMPIOEN<br \/>\nEN KREG JE\u2019N DIKKE ZOEN<br \/>\nMEEJ BLOMME N\u2019EN DE GELE TRUI, ALLEE DAD\u2019IS NIE MISS!<\/p>\n<audio class=\"wp-audio-shortcode\" id=\"audio-69-7\" preload=\"none\" style=\"width: 100%;\" controls=\"controls\"><source type=\"audio\/mpeg\" src=\"\/wp-content\/uploads\/2016\/07\/1996-Wa-dek-nou-aon-me-fiets-ange.mp3?_=7\" \/><a href=\"\/wp-content\/uploads\/2016\/07\/1996-Wa-dek-nou-aon-me-fiets-ange.mp3\">\/wp-content\/uploads\/2016\/07\/1996-Wa-dek-nou-aon-me-fiets-ange.mp3<\/a><\/audio>\n<hr \/>\n<p style=\"text-align: center;\"><span style=\"font-size: x-large;\"><span style=\"color: #008000;\">1997 Strienestad gao d&#8217;op groote voet!<\/span><\/span><\/p>\n<p>Prins: Henk de Weert (Prins Strienius IV)<img loading=\"lazy\" decoding=\"async\" class=\"size-full wp-image-4010 alignright\" src=\"https:\/\/strienestad.nl\/wp-content\/uploads\/2023\/01\/1997-300-300-240x300-1.jpg\" alt=\"\" width=\"240\" height=\"300\" srcset=\"https:\/\/strienestad.nl\/wp-content\/uploads\/2023\/01\/1997-300-300-240x300-1.jpg 240w, https:\/\/strienestad.nl\/wp-content\/uploads\/2023\/01\/1997-300-300-240x300-1-150x188.jpg 150w\" sizes=\"auto, (max-width: 240px) 100vw, 240px\" \/><br \/>\nNar: Richard de Jong (Nar Riejo)<br \/>\nJan Oorlog: Peter van der Zande<br \/>\nMussekoning: Johan Sulkers<br \/>\nDeftige Flodder: John Sulkers<br \/>\nVastenvrouwke: Suzan Fiere<br \/>\nMotto: Strienestad gao d&#8217;op groote voet!<\/p>\n<p>Jeugdgevolg<br \/>\nPrinsje: Wouter Koenraadt<br \/>\nNarreke: Jurgen Ijzermans<br \/>\nJantje Oorlog: Joris Meesters<br \/>\nMussekoninkje: Jelle-Lars Heijmans<br \/>\nDeftig Floddertje: Debbie van Mourik<br \/>\nLeutvrouwke: Janneke Rooms<\/p>\n<p><strong>REFREIN<br \/>\nK\u00c8K NOUW\u2019S G\u00c0\u00c0UW, \u2018OE E\u2019K\u2019T NOUW<br \/>\n\u2018K GAON OP GR\u00d2\u00d2TE VOET NAOR DE KERRUKTORE<br \/>\nOK LENGS DE VLIET EN \u00d2\u00d2NZE MART.<br \/>\nK\u00c8K\u2019S \u2018IER IK MAOK OK \u2018\u00c9\u00c9LE GR\u00d2\u00d2TE SPORE.<br \/>\nJE KAN WEL ZIEN, \u2018K \u2018EB LEUT VOOR TIEN<br \/>\nMEEJ M\u2019N GR\u00d2\u00d2TE SCHOENE N\u2019AON<br \/>\nW\u00c0\u00c0NT IN ME KIELTJE WAOR \u2018K MEEJ LEUR.<br \/>\nGAON \u2018K STRIENESTAD G\u00c0\u00c0UW DEUR.<br \/>\nK\u00c8K NOUW\u2019S AON, ZIE MIJN \u2019S GAON.<br \/>\nZODA\u2019K MEEJ KARNEVAL M\u2019N MANNEKE KAN STAON.<\/strong><\/p>\n<p><strong>KOEPLET 1<\/strong><br \/>\nKN\u00c8P ME GAAUW\u2019S EVE, \u2018OOR IK DA NOUW WIR WEL GOED?<br \/>\nZE Z\u00c8GE IN DE POLLETIEK, WE GAON OP GR\u00d2\u00d2TE VOET.<br \/>\nDUS A\u2019K NOUW WUL GAON DWEILE EN \u2018\u00c9\u00c9L STRIENESTAD WUL ZIEN<br \/>\nMO\u2019K A\u2019K\u2019T \u00c9LEMAOL GOED WUL DOEN WEL MEEJ \u2018T VLIEGMESIEN<\/p>\n<p><strong>KOEPLET 2<\/strong><br \/>\n\u2018K POETS ME PAKSKE EKSTRA G\u00c8\u00c8F EN WIT JE WEL WAOROM?<br \/>\nWE GAON DI JAOR MEEJ VEUL PLEZIER \u2019N \u00c9\u00c9L GR\u00d2\u00d2T BLOKSKE N\u2019OM.<br \/>\nDE BUS DIE STOP OP PINDURREP, A\u2019K\u2019T VOSSEN\u2019OL EB G\u2019AD.<br \/>\nEN EVE LENGS BIJ DOOR EN NEL, DAN TRUG NAOR STRIENESTAD<\/p>\n<p><strong>KOEPLET 3<\/strong><br \/>\n\u2018K MOT DWEILE N\u2019OP \u2019N GR\u00d2\u00d2TE VOET MAR DA SCHIET GLAD NIE \u2018OP.<br \/>\nMEEJ ZO\u2019N GENIEPEG DREMPELTJE WAORVOR IK STEEDS WIR STOP.<br \/>\nMAR \u2018K \u2018EB WEL \u2019N IDEEKE: \u2018OOR M\u2019N NOUW\u2019S EVE N\u2019AON.<br \/>\nMEEJ 2 \u201cAO-VIERS\u201d: \u00c9\u00c9N \u00d2\u00d2ST, \u00c9\u00c9N WEST ZAL\u2019T VAST WEL VLUGGER GAON.<\/p>\n<audio class=\"wp-audio-shortcode\" id=\"audio-69-8\" preload=\"none\" style=\"width: 100%;\" controls=\"controls\"><source type=\"audio\/mpeg\" src=\"\/wp-content\/uploads\/2016\/10\/1997-Strienestad-gao-dop-groote-voet.mp3?_=8\" \/><a href=\"\/wp-content\/uploads\/2016\/10\/1997-Strienestad-gao-dop-groote-voet.mp3\">\/wp-content\/uploads\/2016\/10\/1997-Strienestad-gao-dop-groote-voet.mp3<\/a><\/audio>\n<hr \/>\n<p style=\"text-align: center;\"><span style=\"font-size: x-large;\"><span style=\"color: #008000;\">1998 Ebbe we genog ceente!<\/span><\/span><\/p>\n<p>Prins: Henk de Weert (Prins Strienius IV)<img loading=\"lazy\" decoding=\"async\" class=\"size-full wp-image-4011 alignright\" src=\"https:\/\/strienestad.nl\/wp-content\/uploads\/2023\/01\/1998-300-300-283x300-1.jpg\" alt=\"\" width=\"283\" height=\"300\" srcset=\"https:\/\/strienestad.nl\/wp-content\/uploads\/2023\/01\/1998-300-300-283x300-1.jpg 283w, https:\/\/strienestad.nl\/wp-content\/uploads\/2023\/01\/1998-300-300-283x300-1-150x159.jpg 150w\" sizes=\"auto, (max-width: 283px) 100vw, 283px\" \/><br \/>\nNar: Richard de Jong (Nar Riejo)<br \/>\nJan Oorlog: Hans Perdaems<br \/>\nMussekoning: Johan Sulkers<br \/>\nDeftige Flodder: John Sulkers<br \/>\nVastenvrouwke: Suzan Fiere<br \/>\nMotto: Ebbe we genog ceente!<\/p>\n<p>Jeugdgevolg<br \/>\nPrinsje: Wouter van de Par<br \/>\nNarreke: Jurgen Ijzermans<br \/>\nJantje Oorlog: Thiemo van Nijnatten<br \/>\nMussekoninkje: Jelle-Lars Heijmans<br \/>\nDeftig Floddertje: Linda Smulders<br \/>\nLeutvrouwke: Janneke Rooms<\/p>\n<p><strong>REFREIN<br \/>\n\u2018EBBE WE GENOG CEENTE<br \/>\nBULLEKE WE VAN DE POEN DI JAOR<br \/>\nLEEF JE SOMS VAN JE EIGE RENTE<br \/>\nOF \u2018EB JE OOPE GELD MAR JE WIT NIE WAOR<br \/>\n\u2018EBBE WE GENOG CEENTE<br \/>\nOF ZITTE WE WIR OP ZWART ZAOD<br \/>\nZIT \u2019T IN JOUW \u2018AAND \u2019N GAT<br \/>\nKOM DAN NAOR DE STRIENESTAD<br \/>\nWAANT \u2019T GELD LIG D\u2019IER OP STRAOT!<\/strong><\/p>\n<p><strong>KOEPLET 1<\/strong><br \/>\nWIT JE WA D\u2019IK WUL, AL JAORE GERE WUL<br \/>\n\u2019N LEUTEG \u2018UISKE BOUWE<br \/>\nDUS IK SCHREEF \u2019T IN DE KRAANT<br \/>\nIEDEREEN DIE WIES \u2019T WAANT<br \/>\nIK KON \u2019T NIE MIR VOR M\u2019N EIGE N\u2019OUWE<br \/>\nIEDEREEN \u2018IER AON DE TOOG<br \/>\nVROEG \u2018OE DIEP \u2019T WIER EN \u2018OOG<br \/>\nDA WAAR \u2018ARSTIKKE LEUTEG MAR \u2026. OCH<br \/>\nTOEN \u2018K BEKAANT STONG TE JUICHE<br \/>\nVIEL ME PLANNEKE IN DUIGE<br \/>\nTOEN D\u2019R IEMAND ZEEJ \u2018EB JE CEENTE GENOG<\/p>\n<p><strong>KOEPLET 2<\/strong><br \/>\n\u2019T WAAR \u2018IER ECHT GIN ZOOI<br \/>\nMAR \u2019T IS TIEN KEER ZOOW MOOI<br \/>\nAS JE ZIET WA D\u2019OF WE N\u2019EBBE<br \/>\nDE MART DIE IS KLAOR<br \/>\nEN \u2019N PUT VAN DUUZEND JAOR<br \/>\nIN \u2018T GELD MOT JE NIE ZWEMME<br \/>\nEN WE BOUWE NUUWE \u2018UIZE<br \/>\nWAANT OONS STRIENESTAD DA BLOEIT<br \/>\nDUS WE PLUNDERE DE KLUIS<br \/>\nWE ZIJN NOG LANG NIE UITGEGROEID<br \/>\nMOT DE RING NOUW OOST OF WEST<br \/>\nRUUKE WE DE VARREKESMEST<br \/>\nAS \u2019T BETAOLD WOR VIN IK \u2018T BEST<\/p>\n<p><strong>ZIT \u2019T IN JOUW \u2018AAND \u2019N GAT<br \/>\nKOM DAN NAOR DE STRIENESTAD<br \/>\nWAANT \u2019T GELD LIG D\u2019IER OP STRAOT!<\/strong><\/p>\n<audio class=\"wp-audio-shortcode\" id=\"audio-69-9\" preload=\"none\" style=\"width: 100%;\" controls=\"controls\"><source type=\"audio\/mpeg\" src=\"\/wp-content\/uploads\/2016\/10\/1998-Ebbe-we-genog-ceente.mp3?_=9\" \/><a href=\"\/wp-content\/uploads\/2016\/10\/1998-Ebbe-we-genog-ceente.mp3\">\/wp-content\/uploads\/2016\/10\/1998-Ebbe-we-genog-ceente.mp3<\/a><\/audio>\n<hr \/>\n<p style=\"text-align: center;\"><span style=\"font-size: x-large;\"><span style=\"color: #008000;\">1999 &#8216;K wou da&#8217;k de weg wies!<\/span><\/span><\/p>\n<p>Prins: Henk de Weert (Prins Strienius IV)<img loading=\"lazy\" decoding=\"async\" class=\"size-full wp-image-4012 alignright\" src=\"https:\/\/strienestad.nl\/wp-content\/uploads\/2023\/01\/1999-300-300-226x300-1.jpg\" alt=\"\" width=\"226\" height=\"300\" srcset=\"https:\/\/strienestad.nl\/wp-content\/uploads\/2023\/01\/1999-300-300-226x300-1.jpg 226w, https:\/\/strienestad.nl\/wp-content\/uploads\/2023\/01\/1999-300-300-226x300-1-150x199.jpg 150w\" sizes=\"auto, (max-width: 226px) 100vw, 226px\" \/><br \/>\nNar: Richard de Jong (Nar Riejo)<br \/>\nJan Oorlog: Hans Perdaems<br \/>\nMussekoning: Patrick Smout<br \/>\nDeftige Flodder: John Sulkers<br \/>\nVastenvrouwke: Angela van de Berg<br \/>\nMotto: &#8216;K wou da&#8217;k de weg wies!<\/p>\n<p>Jeugdgevolg<br \/>\nPrinsje: Wouter van de Par<br \/>\nNarreke: Koen Verstraten<br \/>\nJantje Oorlog: Thiemo van Nijnatten<br \/>\nMussekoninkje: Jack Siemons<br \/>\nDeftig Floddertje: Linda Smulders<br \/>\nLeutvrouwke: Latoya Dinkelaar<\/p>\n<p><strong>REFREIN<br \/>\n\u2018K WOUW DA\u2019K DE WEG WIES IN \u00d2\u00d2NS STRIENESTADJE<br \/>\nOE\u2019K VAN DE J\u00d2\u00d2SSE NAOR D\u2019N OVERKAANT MOT GAON<br \/>\nOE\u2019K KOM BIJ \u2019T WAOPE, Z\u2019ONDER ZEIL EN DE MARINA<br \/>\nOE DA\u2019K MOT RIJE EN WAOR M\u2019N OOTOOW DAN KEN STAON<br \/>\n\u2018K WOUW DA\u2019K DE WEG WIES VAN \u2019T BLAAUWEND NAOR DE BIG FOET<br \/>\nOE\u2019K VOOR \u2019T TREFPUNT EN DE KOMMIK KOM TE STAON<br \/>\nIK \u2018EB GIN ZIN OM MEEJ \u2019T STRAOTEBOEK TE SJOUWE<br \/>\nWAANT KARNEVAL IN STRIENESTAD DA MOT VAN ZELLUF GAON<\/strong><\/p>\n<p><strong>KOEPLET 1<\/strong><br \/>\nZEG JE KEN DE KAOJSTRAOT EN DE MEULEWEG TOCH WEL<br \/>\n\u2019T FLORAPLEIN, DE WESDAM EN DE PECKSTRAOT<br \/>\nD\u2019N IJZERE PUT \u2019T BOLWERREK, EN OK D\u2019N OUWE VEST<br \/>\nZIJN PLEKKE WAOR JE ZONDER MOEITE \u00c9\u00c9N GAOT<br \/>\nMAR KEN JE OK BOERGONDIEJE OF \u2019T EILAAND VAN NASSAUW<br \/>\nDE ZELLEPUT OF KAOKALOOW DA VIN JE NIE ZOOW GAAUW<br \/>\nEN OK DE BOETSE MEULE VIN JE ZONDER ZOEKE NIE<br \/>\nDUS ZUL JE \u2019T MOTTE VRAOGE, MAR \u2018K ZOU NIE WETE WIE!<\/p>\n<p><strong>KOEPLET 2<\/strong><br \/>\nEN AS JE DAN DE PAD NET WIT DAN KRIJGE ZE\u2019T IN D\u2019R BOL<br \/>\nDAN GAON ZE MEEJ Z\u2019N ALLE LEKKER SJOUWE<br \/>\nD\u2019R KOMME NUUWE WEGE EN ZE PLOEGE N\u2019ALLES OM<br \/>\nZE GAON \u00d2\u00d2NS \u2018\u00c9\u00c9LE STRIENESTAD VERBOUWE<br \/>\nEN JE MAG NERREGES MIR IN, EN JE KUN NERREGES MIR DEUR<br \/>\n\u2019T IS ALLEMAOL \u00c9\u00c9N RICHTING, EN DA\u2019S SLECHT VOR JE \u2018UMEUR<br \/>\nDUS AS JE WEINIG TIJD \u2018EB GA DAN LEKKER MEEJ DE FIETS<br \/>\nGEZELLIG LENGS \u2019T SCHOTJE, SJEE LE POOR EN LENGS BIE BIES<\/p>\n<p><strong>IK \u2018EB GIN ZIN OM MEEJ \u2019T STRAOTEBOEK TE SJOUWE<br \/>\nWAANT KARNEVAL IN STRIENESTAD DA MOT VAN ZELLUF GAON<\/strong><\/p>\n<audio class=\"wp-audio-shortcode\" id=\"audio-69-10\" preload=\"none\" style=\"width: 100%;\" controls=\"controls\"><source type=\"audio\/mpeg\" src=\"http:\/\/wp-content\/uploads\/2016\/10\/1999-K-wou-dak-de-weg-wies.mp3?_=10\" \/><a href=\"http:\/\/wp-content\/uploads\/2016\/10\/1999-K-wou-dak-de-weg-wies.mp3\">http:\/\/wp-content\/uploads\/2016\/10\/1999-K-wou-dak-de-weg-wies.mp3<\/a><\/audio>\n","protected":false},"excerpt":{"rendered":"<p>1990 Me zette de joker in! Prins: Kees Schillemans (Prins Strienius III) Nar: Ger Frederiks (Nar Frikkie) Jan Oorlog: Piet Gillesse Mussekoning: Jac Embregts Deftige Flodder: Peter Adriaanse Motto: Me [&hellip;]<\/p>\n","protected":false},"author":1,"featured_media":0,"parent":0,"menu_order":0,"comment_status":"closed","ping_status":"closed","template":"","meta":{"footnotes":""},"class_list":["post-69","page","type-page","status-publish"],"_links":{"self":[{"href":"https:\/\/strienestad.nl\/index.php?rest_route=\/wp\/v2\/pages\/69","targetHints":{"allow":["GET"]}}],"collection":[{"href":"https:\/\/strienestad.nl\/index.php?rest_route=\/wp\/v2\/pages"}],"about":[{"href":"https:\/\/strienestad.nl\/index.php?rest_route=\/wp\/v2\/types\/page"}],"author":[{"embeddable":true,"href":"https:\/\/strienestad.nl\/index.php?rest_route=\/wp\/v2\/users\/1"}],"replies":[{"embeddable":true,"href":"https:\/\/strienestad.nl\/index.php?rest_route=%2Fwp%2Fv2%2Fcomments&post=69"}],"version-history":[{"count":5,"href":"https:\/\/strienestad.nl\/index.php?rest_route=\/wp\/v2\/pages\/69\/revisions"}],"predecessor-version":[{"id":5577,"href":"https:\/\/strienestad.nl\/index.php?rest_route=\/wp\/v2\/pages\/69\/revisions\/5577"}],"wp:attachment":[{"href":"https:\/\/strienestad.nl\/index.php?rest_route=%2Fwp%2Fv2%2Fmedia&parent=69"}],"curies":[{"name":"wp","href":"https:\/\/api.w.org\/{rel}","templated":true}]}}